{"id":5450,"date":"2016-02-10T19:02:55","date_gmt":"2016-02-10T21:02:55","guid":{"rendered":"https:\/\/www.atins.me\/es\/travel\/from-atins-2\/"},"modified":"2019-08-24T09:49:04","modified_gmt":"2019-08-24T12:49:04","slug":"desde-atins","status":"publish","type":"page","link":"https:\/\/www.atins.me\/es\/viajes\/desde-atins\/","title":{"rendered":"Desde Atins"},"content":{"rendered":"<h2 id=\"atins-barreirinhas\">Atins\u00a0\u2013\u00a0Barreirinhas (~ 30km)<\/h2>\n<p><iframe loading=\"lazy\" src=\"https:\/\/mapsengine.google.com\/map\/embed?mid=zxSI7JzleyhY.kmaIFKULF_yo\" width=\"535\" height=\"225\"><\/iframe><\/p>\n<div class='box yellow' ><h3 class='title'><i class='icon-jeep'><\/i>Toyota<\/h3><\/p>\n<p>Diariamente, excepto los domingos. Haga que su posada reserve y confirme detalles.<\/p>\n<ul>\n<li>Entre las 05.00 &#8211; 06.00<\/li>\n<li>~ 2 horas<\/li>\n<li>R$ 40<\/li>\n<\/ul>\n<p>Hay otra Toyota que sale alrededor de las 14.00.<\/p>\n<p>\n<\/div>\n<div class='box gray' ><h3 class='title'><i class='icon-boat'><\/i>Lancha r\u00e1pida<\/h3><\/p>\n<p>Hay dos lanchas de l\u00ednea directo desde Barreirinhas a Atins.<\/p>\n<p><strong>Satur:<\/strong> WA +55 98 99232 8780<\/p>\n<ul>\n<li>06.30, 16.00 (en la temporada alta)<\/li>\n<li>~ 1.5 hora<\/li>\n<li>R$ 60 por persona<\/li>\n<\/ul>\n<p><strong>K-Be\u00e7a Turismo:<\/strong> WA +55 98 98827\u00a07715<\/p>\n<ul>\n<li>07.00<\/li>\n<li>~ 1.5 hora<\/li>\n<li>R$ 60 por persona<\/li>\n<\/ul>\n<p>Existe la alternativa de hacer la excursi\u00f3n al retornar visitando Cabur\u00e9.<\/p>\n<ul>\n<li>14.00<\/li>\n<li>~ 1.5 hora<\/li>\n<li>R$ 60 por persona<\/li>\n<\/ul>\n<p><strong>Alternativa:<\/strong> WA +55 98 98865 0905<\/p>\n<p><strong>Malibu:<\/strong> WA +55 98 98842 1660<\/p>\n<p>En fin, tiene la opci\u00f3n fletar una voadora privada:<\/p>\n<ul>\n<li>~ 1 hora<\/li>\n<li><span class=\"s1\">R$ 400 &#8211; 450 <\/span> (4 personas)<\/li>\n<\/ul>\n<p>Adem\u00e1s de los operadores anteriores tiene:<\/p>\n<p class=\"p1\"><span class=\"s1\"><b>Atins Len\u00e7\u00f3is:<\/b> WA +55 98 99104 9770<\/span><\/p>\n<p class=\"p1\"><span class=\"s1\"><b>Chico da Fia:<\/b> WA +55 98 99233 0708<\/span><\/p>\n<p>\n<\/div>\n<h3 id=\"barreirinhas-sao-luis\">Barreirinhas\u00a0\u2013\u00a0S\u00e3o Lu\u00eds (280km)<\/h3>\n<p><iframe loading=\"lazy\" src=\"https:\/\/mapsengine.google.com\/map\/embed?mid=zxSI7JzleyhY.kHKl5c3apIEI\" width=\"535\" height=\"225\"><\/iframe><\/p>\n<div class='box green' ><h3 class='title'><i class='icon-bus'><\/i>Autobus<\/h3><\/p>\n<p>El autob\u00fas regular lo lleva hasta la terminal de \u00f3mnibus de S\u00e3o Lu\u00eds. Tambi\u00e9n dejan pasajeros bajar en la rotaci\u00f3n del aeropuerto (800m). Si Ud. est\u00e1 yendo hacia el centro antiguo, tenga en cuenta que va a tener que tomar un taxi desde la terminal a su hotel.<\/p>\n<p><strong><a href=\"http:\/\/www.cisnebrancoturismo.com.br\/\" target=\"_blank\" rel=\"noopener noreferrer\">Cisne Branco<\/a><\/strong><\/p>\n<ul>\n<li>06.00 \u00a0 &#8211; \u00a0 09.00 \u00a0 &#8211; \u00a0 14.00 \u00a0 &#8211; \u00a0 18.45<\/li>\n<li>~5 horas<\/li>\n<li>R$ 60<\/li>\n<\/ul>\n<p><strong><a href=\"https:\/\/www.expressoguanabara.com.br\/\" target=\"_blank\" rel=\"noopener noreferrer\">Guanabara<\/a><\/strong><\/p>\n<ul>\n<li>07.30 \u00a0 &#8211;\u00a0 \u00a018.00\u00a0 \u00a0&#8211;\u00a0 \u00a021.00<\/li>\n<li>~ 4 .5 horas<\/li>\n<li>R$ 62.50<\/li>\n<\/ul>\n<p>\n<\/div>\n<div class='box yellow' ><h3 class='title'><i class='icon-taxi'><\/i>Taxi<\/h3><p>\nLa Cooperativa est\u00e1 ubicada en la esquina de la Pra\u00e7a do Trabalhador. El taxista lleva los pasajeros al hotel o directamente al aeropuerto en S\u00e3o Lu\u00eds.<\/p>\n<ul>\n<li>~ 3.5 horas<\/li>\n<li>R$ 70 por persona<\/li>\n<li>R$ 400 privado (4 personas)<\/li>\n<\/ul>\n<p><strong>Coopcart: <\/strong>WA <span class=\"s1\">+55 98 99132 9047<\/span><\/p>\n<p>\n<\/div>\n<div class='box green' ><h3 class='title'><i class='icon-minibus'><\/i>Microb\u00fas<\/h3><\/p>\n<p>Los Minibuses llevan los pasajeros al hotel o directamente al aeropuerto en S\u00e3o Lu\u00eds. Deber\u00e1 reservar y confirmar horarios, y deber\u00e1 ir hasta el lugar de salida.<\/p>\n<ul>\n<li>~ 4.5 horas<\/li>\n<li>60 R$ por persona<\/li>\n<\/ul>\n<p><strong>BRTur: <\/strong>WA\u00a0+ 55 98 98114 3649, reservasbrtur@gmail.com<\/p>\n<ul>\n<li>16.30<\/li>\n<\/ul>\n<p><strong>Divertix:<\/strong> WA +55 98 99115 1558<\/p>\n<ul>\n<li>08.30<\/li>\n<\/ul>\n<p><strong>Encanto dos Len\u00e7\u00f3is:<\/strong> WA +55 98 99607 3792<\/p>\n<ul>\n<li>16.30<\/li>\n<\/ul>\n<p><strong>Fanttur: <\/strong>WA +55 98 98876 1610, fanttur.turismo@hotmail.com<\/p>\n<ul>\n<li>16.30<\/li>\n<\/ul>\n<p><strong>Tigre: <\/strong>WA +55 98 99611 3331<\/p>\n<ul>\n<li>08.30\u00a0 &#8211; \u00a0 16.30<\/li>\n<\/ul>\n<p>\n<\/div>\n<h3 id=\"barreirinhas-santo-amaro\">Barreirinhas \u2013 Santo Amaro (100km)<\/h3>\n<p><iframe loading=\"lazy\" src=\"https:\/\/www.google.com\/maps\/d\/embed?mid=1VS59ss_nvlWCJuIDZ3D0Z7L0wqBQnkbe\" width=\"535\" height=\"225\"><\/iframe><\/p>\n<div class='box yellow' ><h3 class='title'><i class='icon-taxi'><\/i>Taxi<\/h3><\/p>\n<p><strong>Coopcart:<\/strong> WA <span class=\"s1\">+55 98 99132 9047<\/span><\/p>\n<ul>\n<li>~ 1.5 hora<\/li>\n<li>R$ 300 privado (hasta 4 personas)<\/li>\n<\/ul>\n<p>\n<\/div>\n<div class='box green' ><h3 class='title'><i class='icon-minibus'><\/i>Microb\u00fas<\/h3><\/p>\n<p><strong>Cacau Viagens &amp; Denilson Viagens:\u00a0<\/strong>WA +55 98 98752 9762<\/p>\n<ul>\n<li>12.00<\/li>\n<li>~2 horas<\/li>\n<li>R$ 30 por persona<\/li>\n<\/ul>\n<p>\n<\/div>\n<h3 id=\"barreirinhas-parnaiba\"><\/h3>\n<h3 id=\"barreirinhas-parnaiba\">Barreirinhas \u2013 Parna\u00edba (200km)<\/h3>\n<p><iframe loading=\"lazy\" src=\"https:\/\/www.google.com\/maps\/d\/embed?mid=1CgxFTzsPpyBuIM_pPVS14utP2h4CsPfA\" width=\"535\" height=\"225\"><\/iframe><\/p>\n<div class='box yellow' ><h3 class='title'><i class='icon-taxi'><\/i>Taxi<\/h3><\/p>\n<ul>\n<li>~ 3,5 horas<\/li>\n<li>R$ 550 privado (hasta 4 personas)<\/li>\n<\/ul>\n<p><strong>Coopcart:<\/strong> WA <span class=\"s1\">+55 98 99132 9047<\/span><\/p>\n<p>\n<\/div>\n<div class='box green' ><h3 class='title'><i class='icon-bus'><\/i>Autobus<\/h3><\/p>\n<p><strong><em>Barreirinhas &#8211; Tutoia<\/em><\/strong><\/p>\n<p><strong><a href=\"http:\/\/www.cisnebrancoturismo.com.br\/\" target=\"_blank\" rel=\"noopener noreferrer\">Cisne Branco<\/a><\/strong><\/p>\n<ul>\n<li><span style=\"line-height: 1.5;\">11.00 \u00a0 &#8211;\u00a0 \u00a019.00\u00a0 \u00a0\u00a0<\/span><\/li>\n<li>~ 2 horas<\/li>\n<li>R$ 18 por persona<\/li>\n<\/ul>\n<p><strong><a href=\"https:\/\/www.expressoguanabara.com.br\/\" target=\"_blank\" rel=\"noopener noreferrer\">Guanabara<\/a>\u00a0<\/strong><\/p>\n<ul>\n<li>12.00\u00a0 \u00a0&#8211;\u00a0 \u00a022.00\u00a0 \u00a0&#8211;\u00a0 01.00<\/li>\n<li>~ 2 horas<\/li>\n<li>R$ 16 por persona<\/li>\n<\/ul>\n<p>Los boletos se pueden comprar en <a href=\"http:\/\/www.santosturismo.com\" target=\"_blank\" rel=\"noopener noreferrer\">Santos Turismo<\/a> en la rotonda.<\/p>\n<p><strong><em>Tutoia &#8211; Parna\u00edba<\/em><\/strong><\/p>\n<p><strong>Rota do Mar:<\/strong> WA +55 86 98805 7228<\/p>\n<ul>\n<li>04.30 \u00a0 \u2013\u00a0 \u00a009.30 \u00a0 \u2013 \u00a0 15.00<\/li>\n<li>~ 3 horas<\/li>\n<li>R$ 20 por persona<\/li>\n<\/ul>\n<p>\n<\/div>\n<div class='box green' ><h3 class='title'><i class='icon-minibus'><\/i>Microb\u00fas<\/h3><\/p>\n<p>Gui\u00f3n de Barreirinhas &#8211; Parna\u00edba &#8211; Jericoacoara hecho en dos tramos en d\u00edas seguidos.<\/p>\n<p>Barreirinhas &#8211; Parna\u00edba:<\/p>\n<ul>\n<li>~09.30<\/li>\n<li>4 horas<\/li>\n<li>martes, jueves<\/li>\n<li>R$ 125 por persona<\/li>\n<\/ul>\n<p>Parna\u00edba &#8211; Jericoacoara (via Barra Grande e visita da Lagoa Para\u00edso):<\/p>\n<ul>\n<li>~05.30<\/li>\n<li>7 horas<\/li>\n<li>lunes, mi\u00e9rcoles, viernes<\/li>\n<li>R$ 125 por persona<\/li>\n<\/ul>\n<p><strong><a href=\"https:\/\/www.rotacombo.com\" target=\"_blank\" rel=\"noopener noreferrer\">Rota Combo<\/a>:<\/strong> WA +55 86 99993-0111<\/p>\n<p>\n<\/div>\n","protected":false},"excerpt":{"rendered":"<p>Atins\u00a0\u2013\u00a0Barreirinhas (~ 30km) Barreirinhas\u00a0\u2013\u00a0S\u00e3o Lu\u00eds (280km) Barreirinhas \u2013 Santo Amaro (100km) Barreirinhas \u2013 Parna\u00edba (200km)<\/p>\n","protected":false},"author":2,"featured_media":0,"parent":1671,"menu_order":2,"comment_status":"closed","ping_status":"closed","template":"template-with-sidebar.php","meta":{"_mi_skip_tracking":false,"_monsterinsights_sitenote_active":false,"_monsterinsights_sitenote_note":"","_monsterinsights_sitenote_category":0,"footnotes":""},"yoast_head":"<!-- This site is optimized with the Yoast SEO plugin v21.0 - https:\/\/yoast.com\/wordpress\/plugins\/seo\/ -->\n<title>Desde Atins &ndash; Atins<\/title>\n<meta name=\"robots\" content=\"index, follow, max-snippet:-1, max-image-preview:large, max-video-preview:-1\" \/>\n<link rel=\"canonical\" href=\"https:\/\/www.atins.me\/es\/viajes\/desde-atins\/\" \/>\n<meta property=\"og:locale\" content=\"es_ES\" \/>\n<meta property=\"og:type\" content=\"article\" \/>\n<meta property=\"og:title\" content=\"Desde Atins &ndash; Atins\" \/>\n<meta property=\"og:description\" content=\"Atins\u00a0\u2013\u00a0Barreirinhas (~ 30km) Barreirinhas\u00a0\u2013\u00a0S\u00e3o Lu\u00eds (280km) Barreirinhas \u2013 Santo Amaro (100km) Barreirinhas \u2013 Parna\u00edba (200km)\" \/>\n<meta property=\"og:url\" content=\"https:\/\/www.atins.me\/es\/viajes\/desde-atins\/\" \/>\n<meta property=\"og:site_name\" content=\"Atins\" \/>\n<meta property=\"article:publisher\" content=\"http:\/\/www.facebook.com\/conventoarcadia\" \/>\n<meta property=\"article:modified_time\" content=\"2019-08-24T12:49:04+00:00\" \/>\n<meta name=\"twitter:card\" content=\"summary_large_image\" \/>\n<meta name=\"twitter:site\" content=\"@atinsme\" \/>\n<meta name=\"twitter:label1\" content=\"Est. reading time\" \/>\n\t<meta name=\"twitter:data1\" content=\"2 minutes\" \/>\n<script type=\"application\/ld+json\" class=\"yoast-schema-graph\">{\"@context\":\"https:\/\/schema.org\",\"@graph\":[{\"@type\":\"WebPage\",\"@id\":\"https:\/\/www.atins.me\/es\/viajes\/desde-atins\/\",\"url\":\"https:\/\/www.atins.me\/es\/viajes\/desde-atins\/\",\"name\":\"Desde Atins &ndash; Atins\",\"isPartOf\":{\"@id\":\"https:\/\/www.atins.me\/es\/#website\"},\"datePublished\":\"2016-02-10T21:02:55+00:00\",\"dateModified\":\"2019-08-24T12:49:04+00:00\",\"breadcrumb\":{\"@id\":\"https:\/\/www.atins.me\/es\/viajes\/desde-atins\/#breadcrumb\"},\"inLanguage\":\"es\",\"potentialAction\":[{\"@type\":\"ReadAction\",\"target\":[\"https:\/\/www.atins.me\/es\/viajes\/desde-atins\/\"]}]},{\"@type\":\"BreadcrumbList\",\"@id\":\"https:\/\/www.atins.me\/es\/viajes\/desde-atins\/#breadcrumb\",\"itemListElement\":[{\"@type\":\"ListItem\",\"position\":1,\"name\":\"Home\",\"item\":\"https:\/\/www.atins.me\/es\/\"},{\"@type\":\"ListItem\",\"position\":2,\"name\":\"Viajes\",\"item\":\"https:\/\/www.atins.me\/es\/viajes\/\"},{\"@type\":\"ListItem\",\"position\":3,\"name\":\"Desde Atins\"}]},{\"@type\":\"WebSite\",\"@id\":\"https:\/\/www.atins.me\/es\/#website\",\"url\":\"https:\/\/www.atins.me\/es\/\",\"name\":\"Atins\",\"description\":\"Len\u00e7\u00f3is Maranhenses\",\"potentialAction\":[{\"@type\":\"SearchAction\",\"target\":{\"@type\":\"EntryPoint\",\"urlTemplate\":\"https:\/\/www.atins.me\/es\/?s={search_term_string}\"},\"query-input\":\"required name=search_term_string\"}],\"inLanguage\":\"es\"}]}<\/script>\n<!-- \/ Yoast SEO plugin. -->","yoast_head_json":{"title":"Desde Atins &ndash; Atins","robots":{"index":"index","follow":"follow","max-snippet":"max-snippet:-1","max-image-preview":"max-image-preview:large","max-video-preview":"max-video-preview:-1"},"canonical":"https:\/\/www.atins.me\/es\/viajes\/desde-atins\/","og_locale":"es_ES","og_type":"article","og_title":"Desde Atins &ndash; Atins","og_description":"Atins\u00a0\u2013\u00a0Barreirinhas (~ 30km) Barreirinhas\u00a0\u2013\u00a0S\u00e3o Lu\u00eds (280km) Barreirinhas \u2013 Santo Amaro (100km) Barreirinhas \u2013 Parna\u00edba (200km)","og_url":"https:\/\/www.atins.me\/es\/viajes\/desde-atins\/","og_site_name":"Atins","article_publisher":"http:\/\/www.facebook.com\/conventoarcadia","article_modified_time":"2019-08-24T12:49:04+00:00","twitter_card":"summary_large_image","twitter_site":"@atinsme","twitter_misc":{"Est. reading time":"2 minutes"},"schema":{"@context":"https:\/\/schema.org","@graph":[{"@type":"WebPage","@id":"https:\/\/www.atins.me\/es\/viajes\/desde-atins\/","url":"https:\/\/www.atins.me\/es\/viajes\/desde-atins\/","name":"Desde Atins &ndash; Atins","isPartOf":{"@id":"https:\/\/www.atins.me\/es\/#website"},"datePublished":"2016-02-10T21:02:55+00:00","dateModified":"2019-08-24T12:49:04+00:00","breadcrumb":{"@id":"https:\/\/www.atins.me\/es\/viajes\/desde-atins\/#breadcrumb"},"inLanguage":"es","potentialAction":[{"@type":"ReadAction","target":["https:\/\/www.atins.me\/es\/viajes\/desde-atins\/"]}]},{"@type":"BreadcrumbList","@id":"https:\/\/www.atins.me\/es\/viajes\/desde-atins\/#breadcrumb","itemListElement":[{"@type":"ListItem","position":1,"name":"Home","item":"https:\/\/www.atins.me\/es\/"},{"@type":"ListItem","position":2,"name":"Viajes","item":"https:\/\/www.atins.me\/es\/viajes\/"},{"@type":"ListItem","position":3,"name":"Desde Atins"}]},{"@type":"WebSite","@id":"https:\/\/www.atins.me\/es\/#website","url":"https:\/\/www.atins.me\/es\/","name":"Atins","description":"Len\u00e7\u00f3is Maranhenses","potentialAction":[{"@type":"SearchAction","target":{"@type":"EntryPoint","urlTemplate":"https:\/\/www.atins.me\/es\/?s={search_term_string}"},"query-input":"required name=search_term_string"}],"inLanguage":"es"}]}},"jetpack_sharing_enabled":true,"_links":{"self":[{"href":"https:\/\/www.atins.me\/es\/wp-json\/wp\/v2\/pages\/5450"}],"collection":[{"href":"https:\/\/www.atins.me\/es\/wp-json\/wp\/v2\/pages"}],"about":[{"href":"https:\/\/www.atins.me\/es\/wp-json\/wp\/v2\/types\/page"}],"author":[{"embeddable":true,"href":"https:\/\/www.atins.me\/es\/wp-json\/wp\/v2\/users\/2"}],"replies":[{"embeddable":true,"href":"https:\/\/www.atins.me\/es\/wp-json\/wp\/v2\/comments?post=5450"}],"version-history":[{"count":0,"href":"https:\/\/www.atins.me\/es\/wp-json\/wp\/v2\/pages\/5450\/revisions"}],"up":[{"embeddable":true,"href":"https:\/\/www.atins.me\/es\/wp-json\/wp\/v2\/pages\/1671"}],"wp:attachment":[{"href":"https:\/\/www.atins.me\/es\/wp-json\/wp\/v2\/media?parent=5450"}],"curies":[{"name":"wp","href":"https:\/\/api.w.org\/{rel}","templated":true}]}}