{"id":1649,"date":"2011-09-21T12:00:11","date_gmt":"2011-09-21T15:00:11","guid":{"rendered":"https:\/\/www.atins.me\/?page_id=1649"},"modified":"2016-05-25T14:17:42","modified_gmt":"2016-05-25T17:17:42","slug":"sao-luis","status":"publish","type":"page","link":"https:\/\/www.atins.me\/es\/la-region\/sao-luis\/","title":{"rendered":"S\u00e3o Lu\u00eds"},"content":{"rendered":"<p><a href=\"https:\/\/www.atins.me\/wp-content\/uploads\/2011\/09\/photo-06_Tony-Galvez_952x476.jpg\"><img decoding=\"async\" loading=\"lazy\" class=\"alignnone wp-image-9007 size-full\" src=\"https:\/\/www.atins.me\/wp-content\/uploads\/2011\/09\/photo-06_Tony-Galvez_952x476.jpg\" alt=\"S\u00e3o Lu\u00eds\" width=\"952\" height=\"476\" srcset=\"https:\/\/www.atins.me\/wp-content\/uploads\/2011\/09\/photo-06_Tony-Galvez_952x476.jpg 952w, https:\/\/www.atins.me\/wp-content\/uploads\/2011\/09\/photo-06_Tony-Galvez_952x476-300x150.jpg 300w\" sizes=\"(max-width: 952px) 100vw, 952px\" \/><\/a><\/p>\n<p>El casco hist\u00f3rico de S\u00e3o Lu\u00eds es un encantador barrio de calles adoquinadas y mansiones coloniales de colores pastel. Algunos est\u00e1n magn\u00edficamente restaurados, mientras que otros permanecen en una profunda decadencia tropical. M\u00e1s de un millar de estos edificios est\u00e1n en la lista del <a href=\"http:\/\/whc.unesco.org\/en\/list\/821\">patrimonio mundial de la UNESCO<\/a>.Imag\u00ednese una mezcla colonial de La Habana (Cuba), Salvador de Bah\u00eda y Olinda; y usted tiene el centro de la ciudad de San Lu\u00eds. Es una encantadora zona con un ambiente \u00fanico. Tambi\u00e9n tiene una de las mayores concentraciones de museos, galer\u00edas y tiendas de artesan\u00eda en el noreste.<\/p>\n<p>Pero la capital de Maranh\u00e3o es algo m\u00e1s que este coraz\u00f3n colonial. S\u00e3o Lu\u00eds no es s\u00f3lo la capital de reggae de Brasil, sino que tambi\u00e9n cuenta con una vida nocturna muy sensual, una escena de playa animada; y es el hogar de las festividades de gran colorido Bumba Meu Boi, las cuales tienen lugar en junio y julio.<\/p>\n<p>Aunque todav\u00eda permanece un destino no muy visitado, la restauraci\u00f3n de muchos de los edificios antiguos S\u00e3o Lu\u00eds en los \u00faltimos a\u00f1os, ha provocado un aumento en el turismo nacional e internacional para la ciudad. S\u00e3o Lu\u00eds es la \u00fanica ciudad de Brasil a ser fundada en 1612 por los franceses. Desde entonces pas\u00f3 a manos holandesas y eventualmente portuguesas. Bien conocido por sus azulejos portugueses, hoy su econom\u00eda gira principalmente en torno a sus dos principales exportaciones comerciales, mineral de hierro y aluminio.<\/p>\n<p>Consejo: Pasa alrededor de dos d\u00edas \/ noches, idealmente entre el jueves a s\u00e1bado para experimentar la vida nocturna en las calles de S\u00e3o Lu\u00eds.<\/p>\n","protected":false},"excerpt":{"rendered":"<p>El casco hist\u00f3rico de S\u00e3o Lu\u00eds es un encantador barrio de calles adoquinadas y mansiones coloniales de colores pastel. Algunos est\u00e1n magn\u00edficamente restaurados, mientras que otros permanecen en una profunda decadencia tropical. M\u00e1s de un millar de estos edificios est\u00e1n en la lista del patrimonio mundial de la UNESCO.Imag\u00ednese una mezcla colonial de La Habana\u2026<\/p>\n","protected":false},"author":2,"featured_media":9017,"parent":1611,"menu_order":3,"comment_status":"closed","ping_status":"closed","template":"","meta":{"_mi_skip_tracking":false,"_monsterinsights_sitenote_active":false,"_monsterinsights_sitenote_note":"","_monsterinsights_sitenote_category":0,"footnotes":""},"yoast_head":"<!-- This site is optimized with the Yoast SEO plugin v21.0 - https:\/\/yoast.com\/wordpress\/plugins\/seo\/ -->\n<title>El casco hist\u00f3rico de S\u00e3o Lu\u00eds, capital de Maranh\u00e3o<\/title>\n<meta name=\"description\" content=\"Imag\u00ednese una mezcla colonial de La Habana (Cuba), Salvador de Bah\u00eda y Olinda; y usted tiene el centro de la ciudad de S\u00e3o Lu\u00eds.\" \/>\n<meta name=\"robots\" content=\"index, follow, max-snippet:-1, max-image-preview:large, max-video-preview:-1\" \/>\n<link rel=\"canonical\" href=\"https:\/\/www.atins.me\/es\/la-region\/sao-luis\/\" \/>\n<meta property=\"og:locale\" content=\"es_ES\" \/>\n<meta property=\"og:type\" content=\"article\" \/>\n<meta property=\"og:title\" content=\"El casco hist\u00f3rico de S\u00e3o Lu\u00eds, capital de Maranh\u00e3o\" \/>\n<meta property=\"og:description\" content=\"Imag\u00ednese una mezcla colonial de La Habana (Cuba), Salvador de Bah\u00eda y Olinda; y usted tiene el centro de la ciudad de S\u00e3o Lu\u00eds.\" \/>\n<meta property=\"og:url\" content=\"https:\/\/www.atins.me\/es\/la-region\/sao-luis\/\" \/>\n<meta property=\"og:site_name\" content=\"Atins\" \/>\n<meta property=\"article:publisher\" content=\"http:\/\/www.facebook.com\/conventoarcadia\" \/>\n<meta property=\"article:modified_time\" content=\"2016-05-25T17:17:42+00:00\" \/>\n<meta property=\"og:image\" content=\"https:\/\/www.atins.me\/wp-content\/uploads\/2011\/09\/lencois_maranhenses9_Alex-Saberi_300x400.jpg\" \/>\n\t<meta property=\"og:image:width\" content=\"300\" \/>\n\t<meta property=\"og:image:height\" content=\"400\" \/>\n\t<meta property=\"og:image:type\" content=\"image\/jpeg\" \/>\n<meta name=\"twitter:card\" content=\"summary_large_image\" \/>\n<meta name=\"twitter:site\" content=\"@atinsme\" \/>\n<meta name=\"twitter:label1\" content=\"Est. reading time\" \/>\n\t<meta name=\"twitter:data1\" content=\"1 minute\" \/>\n<script type=\"application\/ld+json\" class=\"yoast-schema-graph\">{\"@context\":\"https:\/\/schema.org\",\"@graph\":[{\"@type\":\"WebPage\",\"@id\":\"https:\/\/www.atins.me\/es\/la-region\/sao-luis\/\",\"url\":\"https:\/\/www.atins.me\/es\/la-region\/sao-luis\/\",\"name\":\"El casco hist\u00f3rico de S\u00e3o Lu\u00eds, capital de Maranh\u00e3o\",\"isPartOf\":{\"@id\":\"https:\/\/www.atins.me\/es\/#website\"},\"datePublished\":\"2011-09-21T15:00:11+00:00\",\"dateModified\":\"2016-05-25T17:17:42+00:00\",\"description\":\"Imag\u00ednese una mezcla colonial de La Habana (Cuba), Salvador de Bah\u00eda y Olinda; y usted tiene el centro de la ciudad de S\u00e3o Lu\u00eds.\",\"breadcrumb\":{\"@id\":\"https:\/\/www.atins.me\/es\/la-region\/sao-luis\/#breadcrumb\"},\"inLanguage\":\"es\",\"potentialAction\":[{\"@type\":\"ReadAction\",\"target\":[\"https:\/\/www.atins.me\/es\/la-region\/sao-luis\/\"]}]},{\"@type\":\"BreadcrumbList\",\"@id\":\"https:\/\/www.atins.me\/es\/la-region\/sao-luis\/#breadcrumb\",\"itemListElement\":[{\"@type\":\"ListItem\",\"position\":1,\"name\":\"Home\",\"item\":\"https:\/\/www.atins.me\/es\/\"},{\"@type\":\"ListItem\",\"position\":2,\"name\":\"La regi\u00f3n\",\"item\":\"https:\/\/www.atins.me\/es\/la-region\/\"},{\"@type\":\"ListItem\",\"position\":3,\"name\":\"S\u00e3o Lu\u00eds\"}]},{\"@type\":\"WebSite\",\"@id\":\"https:\/\/www.atins.me\/es\/#website\",\"url\":\"https:\/\/www.atins.me\/es\/\",\"name\":\"Atins\",\"description\":\"Len\u00e7\u00f3is Maranhenses\",\"potentialAction\":[{\"@type\":\"SearchAction\",\"target\":{\"@type\":\"EntryPoint\",\"urlTemplate\":\"https:\/\/www.atins.me\/es\/?s={search_term_string}\"},\"query-input\":\"required name=search_term_string\"}],\"inLanguage\":\"es\"}]}<\/script>\n<!-- \/ Yoast SEO plugin. -->","yoast_head_json":{"title":"El casco hist\u00f3rico de S\u00e3o Lu\u00eds, capital de Maranh\u00e3o","description":"Imag\u00ednese una mezcla colonial de La Habana (Cuba), Salvador de Bah\u00eda y Olinda; y usted tiene el centro de la ciudad de S\u00e3o Lu\u00eds.","robots":{"index":"index","follow":"follow","max-snippet":"max-snippet:-1","max-image-preview":"max-image-preview:large","max-video-preview":"max-video-preview:-1"},"canonical":"https:\/\/www.atins.me\/es\/la-region\/sao-luis\/","og_locale":"es_ES","og_type":"article","og_title":"El casco hist\u00f3rico de S\u00e3o Lu\u00eds, capital de Maranh\u00e3o","og_description":"Imag\u00ednese una mezcla colonial de La Habana (Cuba), Salvador de Bah\u00eda y Olinda; y usted tiene el centro de la ciudad de S\u00e3o Lu\u00eds.","og_url":"https:\/\/www.atins.me\/es\/la-region\/sao-luis\/","og_site_name":"Atins","article_publisher":"http:\/\/www.facebook.com\/conventoarcadia","article_modified_time":"2016-05-25T17:17:42+00:00","og_image":[{"width":300,"height":400,"url":"https:\/\/www.atins.me\/wp-content\/uploads\/2011\/09\/lencois_maranhenses9_Alex-Saberi_300x400.jpg","type":"image\/jpeg"}],"twitter_card":"summary_large_image","twitter_site":"@atinsme","twitter_misc":{"Est. reading time":"1 minute"},"schema":{"@context":"https:\/\/schema.org","@graph":[{"@type":"WebPage","@id":"https:\/\/www.atins.me\/es\/la-region\/sao-luis\/","url":"https:\/\/www.atins.me\/es\/la-region\/sao-luis\/","name":"El casco hist\u00f3rico de S\u00e3o Lu\u00eds, capital de Maranh\u00e3o","isPartOf":{"@id":"https:\/\/www.atins.me\/es\/#website"},"datePublished":"2011-09-21T15:00:11+00:00","dateModified":"2016-05-25T17:17:42+00:00","description":"Imag\u00ednese una mezcla colonial de La Habana (Cuba), Salvador de Bah\u00eda y Olinda; y usted tiene el centro de la ciudad de S\u00e3o Lu\u00eds.","breadcrumb":{"@id":"https:\/\/www.atins.me\/es\/la-region\/sao-luis\/#breadcrumb"},"inLanguage":"es","potentialAction":[{"@type":"ReadAction","target":["https:\/\/www.atins.me\/es\/la-region\/sao-luis\/"]}]},{"@type":"BreadcrumbList","@id":"https:\/\/www.atins.me\/es\/la-region\/sao-luis\/#breadcrumb","itemListElement":[{"@type":"ListItem","position":1,"name":"Home","item":"https:\/\/www.atins.me\/es\/"},{"@type":"ListItem","position":2,"name":"La regi\u00f3n","item":"https:\/\/www.atins.me\/es\/la-region\/"},{"@type":"ListItem","position":3,"name":"S\u00e3o Lu\u00eds"}]},{"@type":"WebSite","@id":"https:\/\/www.atins.me\/es\/#website","url":"https:\/\/www.atins.me\/es\/","name":"Atins","description":"Len\u00e7\u00f3is Maranhenses","potentialAction":[{"@type":"SearchAction","target":{"@type":"EntryPoint","urlTemplate":"https:\/\/www.atins.me\/es\/?s={search_term_string}"},"query-input":"required name=search_term_string"}],"inLanguage":"es"}]}},"jetpack_sharing_enabled":true,"_links":{"self":[{"href":"https:\/\/www.atins.me\/es\/wp-json\/wp\/v2\/pages\/1649"}],"collection":[{"href":"https:\/\/www.atins.me\/es\/wp-json\/wp\/v2\/pages"}],"about":[{"href":"https:\/\/www.atins.me\/es\/wp-json\/wp\/v2\/types\/page"}],"author":[{"embeddable":true,"href":"https:\/\/www.atins.me\/es\/wp-json\/wp\/v2\/users\/2"}],"replies":[{"embeddable":true,"href":"https:\/\/www.atins.me\/es\/wp-json\/wp\/v2\/comments?post=1649"}],"version-history":[{"count":0,"href":"https:\/\/www.atins.me\/es\/wp-json\/wp\/v2\/pages\/1649\/revisions"}],"up":[{"embeddable":true,"href":"https:\/\/www.atins.me\/es\/wp-json\/wp\/v2\/pages\/1611"}],"wp:featuredmedia":[{"embeddable":true,"href":"https:\/\/www.atins.me\/es\/wp-json\/wp\/v2\/media\/9017"}],"wp:attachment":[{"href":"https:\/\/www.atins.me\/es\/wp-json\/wp\/v2\/media?parent=1649"}],"curies":[{"name":"wp","href":"https:\/\/api.w.org\/{rel}","templated":true}]}}