{"id":1611,"date":"2011-01-05T15:57:22","date_gmt":"2011-01-05T17:57:22","guid":{"rendered":"https:\/\/www.atins.me\/?page_id=1611"},"modified":"2016-05-24T12:41:56","modified_gmt":"2016-05-24T15:41:56","slug":"la-region","status":"publish","type":"page","link":"https:\/\/www.atins.me\/es\/la-region\/","title":{"rendered":"La regi\u00f3n"},"content":{"rendered":"<p>Atins, los Len\u00e7\u00f3is Maranhenses y el Estado de Maranh\u00e3o est\u00e1n localizados en el extremo nordeste brasilero. El turismo a gran escala todav\u00eda no lleg\u00f3 a esta regi\u00f3n, por lo que el gobierno estatal est\u00e1 desarrollando esta industria utilizando los modelos de su vecino Cear\u00e1, cuja capital es Fortaleza.<\/p>\n<p>Al visitar los Len\u00e7\u00f3is Maranhenses y Atins vale la pena incluir en su viaje una serie de otros destinos pr\u00f3ximos. <a href=\"http:\/\/www.rotadasemocoes.com.br\">La Ruta de las Emociones<\/a>\u00a0(Rota das Emo\u00e7\u00f5es ) es una nueva iniciativa lanzada, que conecta los puntos tur\u00edsticos costeros de los Len\u00e7\u00f3is Maranhenses hasta Jericoacoara. Al hacer este trayecto, que se extiende a lo largo de los tres Estados &#8211; Maranh\u00e3o, Piau\u00ed y Cear\u00e1 &#8211; usted accede a nada menos que tres Parques Nacionales &#8211; Len\u00e7\u00f3is Maranhenses, Delta do Parna\u00edba y Parque Nacional de Jericoacoara.<\/p>\n<p>&nbsp;<\/p>\n","protected":false},"excerpt":{"rendered":"<p>Atins, los Len\u00e7\u00f3is Maranhenses y el Estado de Maranh\u00e3o est\u00e1n localizados en el extremo nordeste brasilero. El turismo a gran escala todav\u00eda no lleg\u00f3 a esta regi\u00f3n, por lo que el gobierno estatal est\u00e1 desarrollando esta industria utilizando los modelos de su vecino Cear\u00e1, cuja capital es Fortaleza. Al visitar los Len\u00e7\u00f3is Maranhenses y Atins\u2026<\/p>\n","protected":false},"author":2,"featured_media":5874,"parent":0,"menu_order":4,"comment_status":"open","ping_status":"closed","template":"template-region.php","meta":{"_mi_skip_tracking":false,"_monsterinsights_sitenote_active":false,"_monsterinsights_sitenote_note":"","_monsterinsights_sitenote_category":0,"footnotes":""},"yoast_head":"<!-- This site is optimized with the Yoast SEO plugin v21.0 - https:\/\/yoast.com\/wordpress\/plugins\/seo\/ -->\n<title>Atins es el punto final de la Rota das Emo\u00e7\u00f5es<\/title>\n<meta name=\"description\" content=\"La Rota das Emo\u00e7\u00f5es es una nueva iniciativa lanzada, que conecta los puntos tur\u00edsticos costeros de los Len\u00e7\u00f3is Maranhenses hasta Jericoacoara.\" \/>\n<meta name=\"robots\" content=\"index, follow, max-snippet:-1, max-image-preview:large, max-video-preview:-1\" \/>\n<link rel=\"canonical\" href=\"https:\/\/www.atins.me\/es\/la-region\/\" \/>\n<meta property=\"og:locale\" content=\"es_ES\" \/>\n<meta property=\"og:type\" content=\"article\" \/>\n<meta property=\"og:title\" content=\"Atins es el punto final de la Rota das Emo\u00e7\u00f5es\" \/>\n<meta property=\"og:description\" content=\"La Rota das Emo\u00e7\u00f5es es una nueva iniciativa lanzada, que conecta los puntos tur\u00edsticos costeros de los Len\u00e7\u00f3is Maranhenses hasta Jericoacoara.\" \/>\n<meta property=\"og:url\" content=\"https:\/\/www.atins.me\/es\/la-region\/\" \/>\n<meta property=\"og:site_name\" content=\"Atins\" \/>\n<meta property=\"article:publisher\" content=\"http:\/\/www.facebook.com\/conventoarcadia\" \/>\n<meta property=\"article:modified_time\" content=\"2016-05-24T15:41:56+00:00\" \/>\n<meta property=\"og:image\" content=\"https:\/\/www.atins.me\/wp-content\/uploads\/2011\/01\/Rota-das-Emocoes-Logo.png\" \/>\n\t<meta property=\"og:image:width\" content=\"350\" \/>\n\t<meta property=\"og:image:height\" content=\"291\" \/>\n\t<meta property=\"og:image:type\" content=\"image\/png\" \/>\n<meta name=\"twitter:card\" content=\"summary_large_image\" \/>\n<meta name=\"twitter:site\" content=\"@atinsme\" \/>\n<meta name=\"twitter:label1\" content=\"Est. reading time\" \/>\n\t<meta name=\"twitter:data1\" content=\"1 minute\" \/>\n<script type=\"application\/ld+json\" class=\"yoast-schema-graph\">{\"@context\":\"https:\/\/schema.org\",\"@graph\":[{\"@type\":\"WebPage\",\"@id\":\"https:\/\/www.atins.me\/es\/la-region\/\",\"url\":\"https:\/\/www.atins.me\/es\/la-region\/\",\"name\":\"Atins es el punto final de la Rota das Emo\u00e7\u00f5es\",\"isPartOf\":{\"@id\":\"https:\/\/www.atins.me\/es\/#website\"},\"datePublished\":\"2011-01-05T17:57:22+00:00\",\"dateModified\":\"2016-05-24T15:41:56+00:00\",\"description\":\"La Rota das Emo\u00e7\u00f5es es una nueva iniciativa lanzada, que conecta los puntos tur\u00edsticos costeros de los Len\u00e7\u00f3is Maranhenses hasta Jericoacoara.\",\"breadcrumb\":{\"@id\":\"https:\/\/www.atins.me\/es\/la-region\/#breadcrumb\"},\"inLanguage\":\"es\",\"potentialAction\":[{\"@type\":\"ReadAction\",\"target\":[\"https:\/\/www.atins.me\/es\/la-region\/\"]}]},{\"@type\":\"BreadcrumbList\",\"@id\":\"https:\/\/www.atins.me\/es\/la-region\/#breadcrumb\",\"itemListElement\":[{\"@type\":\"ListItem\",\"position\":1,\"name\":\"Home\",\"item\":\"https:\/\/www.atins.me\/es\/\"},{\"@type\":\"ListItem\",\"position\":2,\"name\":\"La regi\u00f3n\"}]},{\"@type\":\"WebSite\",\"@id\":\"https:\/\/www.atins.me\/es\/#website\",\"url\":\"https:\/\/www.atins.me\/es\/\",\"name\":\"Atins\",\"description\":\"Len\u00e7\u00f3is Maranhenses\",\"potentialAction\":[{\"@type\":\"SearchAction\",\"target\":{\"@type\":\"EntryPoint\",\"urlTemplate\":\"https:\/\/www.atins.me\/es\/?s={search_term_string}\"},\"query-input\":\"required name=search_term_string\"}],\"inLanguage\":\"es\"}]}<\/script>\n<!-- \/ Yoast SEO plugin. -->","yoast_head_json":{"title":"Atins es el punto final de la Rota das Emo\u00e7\u00f5es","description":"La Rota das Emo\u00e7\u00f5es es una nueva iniciativa lanzada, que conecta los puntos tur\u00edsticos costeros de los Len\u00e7\u00f3is Maranhenses hasta Jericoacoara.","robots":{"index":"index","follow":"follow","max-snippet":"max-snippet:-1","max-image-preview":"max-image-preview:large","max-video-preview":"max-video-preview:-1"},"canonical":"https:\/\/www.atins.me\/es\/la-region\/","og_locale":"es_ES","og_type":"article","og_title":"Atins es el punto final de la Rota das Emo\u00e7\u00f5es","og_description":"La Rota das Emo\u00e7\u00f5es es una nueva iniciativa lanzada, que conecta los puntos tur\u00edsticos costeros de los Len\u00e7\u00f3is Maranhenses hasta Jericoacoara.","og_url":"https:\/\/www.atins.me\/es\/la-region\/","og_site_name":"Atins","article_publisher":"http:\/\/www.facebook.com\/conventoarcadia","article_modified_time":"2016-05-24T15:41:56+00:00","og_image":[{"width":350,"height":291,"url":"https:\/\/www.atins.me\/wp-content\/uploads\/2011\/01\/Rota-das-Emocoes-Logo.png","type":"image\/png"}],"twitter_card":"summary_large_image","twitter_site":"@atinsme","twitter_misc":{"Est. reading time":"1 minute"},"schema":{"@context":"https:\/\/schema.org","@graph":[{"@type":"WebPage","@id":"https:\/\/www.atins.me\/es\/la-region\/","url":"https:\/\/www.atins.me\/es\/la-region\/","name":"Atins es el punto final de la Rota das Emo\u00e7\u00f5es","isPartOf":{"@id":"https:\/\/www.atins.me\/es\/#website"},"datePublished":"2011-01-05T17:57:22+00:00","dateModified":"2016-05-24T15:41:56+00:00","description":"La Rota das Emo\u00e7\u00f5es es una nueva iniciativa lanzada, que conecta los puntos tur\u00edsticos costeros de los Len\u00e7\u00f3is Maranhenses hasta Jericoacoara.","breadcrumb":{"@id":"https:\/\/www.atins.me\/es\/la-region\/#breadcrumb"},"inLanguage":"es","potentialAction":[{"@type":"ReadAction","target":["https:\/\/www.atins.me\/es\/la-region\/"]}]},{"@type":"BreadcrumbList","@id":"https:\/\/www.atins.me\/es\/la-region\/#breadcrumb","itemListElement":[{"@type":"ListItem","position":1,"name":"Home","item":"https:\/\/www.atins.me\/es\/"},{"@type":"ListItem","position":2,"name":"La regi\u00f3n"}]},{"@type":"WebSite","@id":"https:\/\/www.atins.me\/es\/#website","url":"https:\/\/www.atins.me\/es\/","name":"Atins","description":"Len\u00e7\u00f3is Maranhenses","potentialAction":[{"@type":"SearchAction","target":{"@type":"EntryPoint","urlTemplate":"https:\/\/www.atins.me\/es\/?s={search_term_string}"},"query-input":"required name=search_term_string"}],"inLanguage":"es"}]}},"jetpack_sharing_enabled":true,"_links":{"self":[{"href":"https:\/\/www.atins.me\/es\/wp-json\/wp\/v2\/pages\/1611"}],"collection":[{"href":"https:\/\/www.atins.me\/es\/wp-json\/wp\/v2\/pages"}],"about":[{"href":"https:\/\/www.atins.me\/es\/wp-json\/wp\/v2\/types\/page"}],"author":[{"embeddable":true,"href":"https:\/\/www.atins.me\/es\/wp-json\/wp\/v2\/users\/2"}],"replies":[{"embeddable":true,"href":"https:\/\/www.atins.me\/es\/wp-json\/wp\/v2\/comments?post=1611"}],"version-history":[{"count":0,"href":"https:\/\/www.atins.me\/es\/wp-json\/wp\/v2\/pages\/1611\/revisions"}],"wp:featuredmedia":[{"embeddable":true,"href":"https:\/\/www.atins.me\/es\/wp-json\/wp\/v2\/media\/5874"}],"wp:attachment":[{"href":"https:\/\/www.atins.me\/es\/wp-json\/wp\/v2\/media?parent=1611"}],"curies":[{"name":"wp","href":"https:\/\/api.w.org\/{rel}","templated":true}]}}