{"id":1647,"date":"2011-09-21T12:00:11","date_gmt":"2011-09-21T15:00:11","guid":{"rendered":"https:\/\/www.atins.me\/?page_id=1647"},"modified":"2016-04-01T12:41:32","modified_gmt":"2016-04-01T15:41:32","slug":"sao-luis","status":"publish","type":"page","link":"https:\/\/www.atins.me\/de\/die-region\/sao-luis\/","title":{"rendered":"S\u00e3o Lu\u00eds"},"content":{"rendered":"<p><a href=\"https:\/\/www.atins.me\/wp-content\/uploads\/2011\/09\/photo-06_Tony-Galvez_952x476.jpg\"><img decoding=\"async\" loading=\"lazy\" class=\"alignnone wp-image-9009 size-full\" src=\"https:\/\/www.atins.me\/wp-content\/uploads\/2011\/09\/photo-06_Tony-Galvez_952x476.jpg\" alt=\"S\u00e3o Lu\u00eds\" width=\"952\" height=\"476\" srcset=\"https:\/\/www.atins.me\/wp-content\/uploads\/2011\/09\/photo-06_Tony-Galvez_952x476.jpg 952w, https:\/\/www.atins.me\/wp-content\/uploads\/2011\/09\/photo-06_Tony-Galvez_952x476-300x150.jpg 300w\" sizes=\"(max-width: 952px) 100vw, 952px\" \/><\/a><\/p>\n<p>Die historische Altstadt von S\u00e3o Lu\u00eds weiss mit seinen Kopfstein-gepflasterten Gassen und Strassen sowie den pastellfarbenen Kolonialh\u00e4usern zu bezaubern. Eine vermehrte Anzahl der Geb\u00e4ude ist zwischenzeitlich restauriert, viele befinden sich jedoch noch immer in einer Art tropischen Verfalls, auch wenn bereits \u00fcber eintausend von der <a href=\"http:\/\/whc.unesco.org\/en\/list\/821\" target=\"_blank\">Unesco als Welterbe<\/a> gelistet sind. Stellt man sich eine Mixtur der kolonialen Altst\u00e4dte Havannas, Salvador da Bahia und Olinda vor, so liesse sich in etwa das historische Zentrum S\u00e3o Lu\u00eds beschreiben. Eine charmante Altstadt mit einzigartiger Atmosph\u00e4re, die sich \u00fcberdies mit einer der h\u00f6chsten Dichte an Museen, Galerien und Kunsthandwerksl\u00e4den im Nordosten Brasiliens r\u00fchmt.<\/p>\n<p>Aber Maranh\u00e3os Hauptstadt hat mehr zu bieten als nur sein koloniales Zentrum. So ist S\u00e3o Lu\u00eds nicht nur die Reggae-Hauptstadt Brasiliens, das Nachtleben ist im w\u00f6rtlichsten Sinn heiss und schw\u00fcl. Es gibt eine lebhafte Strandszene und \u00fcberdies beheimatet die Stadt die aussergew\u00f6hnlich bunten Bumba Meu Boi Feierlichkeiten, die sich j\u00e4hrlich im Juni und Juli abspielen.<\/p>\n<p>S\u00e3o Lu\u00eds ist im \u00fcbrigen die einzige Stadt Brasiliens, die von den Franzosen gegr\u00fcndet wurde (im Jahre 1612). Seitdem wurde die Stadt erst an die Niederl\u00e4nder und schliesslich an Portugal weiter gereicht. Bekannt f\u00fcr seine portugiesischen Kacheln, ist der Hauptwirtschaftsfaktor heutzutage vor allem der Hafen, von wo aus Eisenerz und Aluminium exportiert werden.<\/p>\n<p>Auch wenn die Stadt noch immer etwas abseits der ausgetretenen Massentourismuspfade liegt, so hat sich in den letzten Jahren doch langsam etwas getan hinsichtlich der Besuchszahlen in- und ausl\u00e4ndischer Touristen.<\/p>\n<p>Tipp: Verbringen Sie hier zwei Tage \/ N\u00e4chte, im Idealfall zwischen Donnerstag und Samstag, um das Nachtleben in S\u00e3o Lu\u00eds Stra\u00dfen zu erleben.<\/p>\n","protected":false},"excerpt":{"rendered":"<p>Die historische Altstadt von S\u00e3o Lu\u00eds weiss mit seinen Kopfstein-gepflasterten Gassen und Strassen sowie den pastellfarbenen Kolonialh\u00e4usern zu bezaubern. Eine vermehrte Anzahl der Geb\u00e4ude ist zwischenzeitlich restauriert, viele befinden sich jedoch noch immer in einer Art tropischen Verfalls, auch wenn bereits \u00fcber eintausend von der Unesco als Welterbe gelistet sind. Stellt man sich eine Mixtur\u2026<\/p>\n","protected":false},"author":2,"featured_media":9015,"parent":1609,"menu_order":3,"comment_status":"closed","ping_status":"closed","template":"","meta":{"_mi_skip_tracking":false,"_monsterinsights_sitenote_active":false,"_monsterinsights_sitenote_note":"","_monsterinsights_sitenote_category":0,"footnotes":""},"yoast_head":"<!-- This site is optimized with the Yoast SEO plugin v21.0 - https:\/\/yoast.com\/wordpress\/plugins\/seo\/ -->\n<title>Die historische Altstadt von S\u00e3o Lu\u00eds<\/title>\n<meta name=\"description\" content=\"Stellt man sich eine Mixtur der kolonialen Altst\u00e4dte Havannas, Salvador da Bahia und Olinda vor, kommt man auf das historische Zentrum S\u00e3o Lu\u00eds.\" \/>\n<meta name=\"robots\" content=\"index, follow, max-snippet:-1, max-image-preview:large, max-video-preview:-1\" \/>\n<link rel=\"canonical\" href=\"https:\/\/www.atins.me\/de\/die-region\/sao-luis\/\" \/>\n<meta property=\"og:locale\" content=\"de_DE\" \/>\n<meta property=\"og:type\" content=\"article\" \/>\n<meta property=\"og:title\" content=\"Die historische Altstadt von S\u00e3o Lu\u00eds\" \/>\n<meta property=\"og:description\" content=\"Stellt man sich eine Mixtur der kolonialen Altst\u00e4dte Havannas, Salvador da Bahia und Olinda vor, kommt man auf das historische Zentrum S\u00e3o Lu\u00eds.\" \/>\n<meta property=\"og:url\" content=\"https:\/\/www.atins.me\/de\/die-region\/sao-luis\/\" \/>\n<meta property=\"og:site_name\" content=\"Atins\" \/>\n<meta property=\"article:publisher\" content=\"http:\/\/www.facebook.com\/conventoarcadia\" \/>\n<meta property=\"article:modified_time\" content=\"2016-04-01T15:41:32+00:00\" \/>\n<meta property=\"og:image\" content=\"https:\/\/www.atins.me\/wp-content\/uploads\/2011\/09\/lencois_maranhenses9_Alex-Saberi_300x400.jpg\" \/>\n\t<meta property=\"og:image:width\" content=\"300\" \/>\n\t<meta property=\"og:image:height\" content=\"400\" \/>\n\t<meta property=\"og:image:type\" content=\"image\/jpeg\" \/>\n<meta name=\"twitter:card\" content=\"summary_large_image\" \/>\n<meta name=\"twitter:site\" content=\"@atinsme\" \/>\n<meta name=\"twitter:label1\" content=\"Est. reading time\" \/>\n\t<meta name=\"twitter:data1\" content=\"1 minute\" \/>\n<script type=\"application\/ld+json\" class=\"yoast-schema-graph\">{\"@context\":\"https:\/\/schema.org\",\"@graph\":[{\"@type\":\"WebPage\",\"@id\":\"https:\/\/www.atins.me\/de\/die-region\/sao-luis\/\",\"url\":\"https:\/\/www.atins.me\/de\/die-region\/sao-luis\/\",\"name\":\"Die historische Altstadt von S\u00e3o Lu\u00eds\",\"isPartOf\":{\"@id\":\"https:\/\/www.atins.me\/es\/#website\"},\"datePublished\":\"2011-09-21T15:00:11+00:00\",\"dateModified\":\"2016-04-01T15:41:32+00:00\",\"description\":\"Stellt man sich eine Mixtur der kolonialen Altst\u00e4dte Havannas, Salvador da Bahia und Olinda vor, kommt man auf das historische Zentrum S\u00e3o Lu\u00eds.\",\"breadcrumb\":{\"@id\":\"https:\/\/www.atins.me\/de\/die-region\/sao-luis\/#breadcrumb\"},\"inLanguage\":\"de\",\"potentialAction\":[{\"@type\":\"ReadAction\",\"target\":[\"https:\/\/www.atins.me\/de\/die-region\/sao-luis\/\"]}]},{\"@type\":\"BreadcrumbList\",\"@id\":\"https:\/\/www.atins.me\/de\/die-region\/sao-luis\/#breadcrumb\",\"itemListElement\":[{\"@type\":\"ListItem\",\"position\":1,\"name\":\"Home\",\"item\":\"https:\/\/www.atins.me\/de\/\"},{\"@type\":\"ListItem\",\"position\":2,\"name\":\"Die Region\",\"item\":\"https:\/\/www.atins.me\/de\/die-region\/\"},{\"@type\":\"ListItem\",\"position\":3,\"name\":\"S\u00e3o Lu\u00eds\"}]},{\"@type\":\"WebSite\",\"@id\":\"https:\/\/www.atins.me\/es\/#website\",\"url\":\"https:\/\/www.atins.me\/es\/\",\"name\":\"Atins\",\"description\":\"Len\u00e7\u00f3is Maranhenses\",\"potentialAction\":[{\"@type\":\"SearchAction\",\"target\":{\"@type\":\"EntryPoint\",\"urlTemplate\":\"https:\/\/www.atins.me\/es\/?s={search_term_string}\"},\"query-input\":\"required name=search_term_string\"}],\"inLanguage\":\"de\"}]}<\/script>\n<!-- \/ Yoast SEO plugin. -->","yoast_head_json":{"title":"Die historische Altstadt von S\u00e3o Lu\u00eds","description":"Stellt man sich eine Mixtur der kolonialen Altst\u00e4dte Havannas, Salvador da Bahia und Olinda vor, kommt man auf das historische Zentrum S\u00e3o Lu\u00eds.","robots":{"index":"index","follow":"follow","max-snippet":"max-snippet:-1","max-image-preview":"max-image-preview:large","max-video-preview":"max-video-preview:-1"},"canonical":"https:\/\/www.atins.me\/de\/die-region\/sao-luis\/","og_locale":"de_DE","og_type":"article","og_title":"Die historische Altstadt von S\u00e3o Lu\u00eds","og_description":"Stellt man sich eine Mixtur der kolonialen Altst\u00e4dte Havannas, Salvador da Bahia und Olinda vor, kommt man auf das historische Zentrum S\u00e3o Lu\u00eds.","og_url":"https:\/\/www.atins.me\/de\/die-region\/sao-luis\/","og_site_name":"Atins","article_publisher":"http:\/\/www.facebook.com\/conventoarcadia","article_modified_time":"2016-04-01T15:41:32+00:00","og_image":[{"width":300,"height":400,"url":"https:\/\/www.atins.me\/wp-content\/uploads\/2011\/09\/lencois_maranhenses9_Alex-Saberi_300x400.jpg","type":"image\/jpeg"}],"twitter_card":"summary_large_image","twitter_site":"@atinsme","twitter_misc":{"Est. reading time":"1 minute"},"schema":{"@context":"https:\/\/schema.org","@graph":[{"@type":"WebPage","@id":"https:\/\/www.atins.me\/de\/die-region\/sao-luis\/","url":"https:\/\/www.atins.me\/de\/die-region\/sao-luis\/","name":"Die historische Altstadt von S\u00e3o Lu\u00eds","isPartOf":{"@id":"https:\/\/www.atins.me\/es\/#website"},"datePublished":"2011-09-21T15:00:11+00:00","dateModified":"2016-04-01T15:41:32+00:00","description":"Stellt man sich eine Mixtur der kolonialen Altst\u00e4dte Havannas, Salvador da Bahia und Olinda vor, kommt man auf das historische Zentrum S\u00e3o Lu\u00eds.","breadcrumb":{"@id":"https:\/\/www.atins.me\/de\/die-region\/sao-luis\/#breadcrumb"},"inLanguage":"de","potentialAction":[{"@type":"ReadAction","target":["https:\/\/www.atins.me\/de\/die-region\/sao-luis\/"]}]},{"@type":"BreadcrumbList","@id":"https:\/\/www.atins.me\/de\/die-region\/sao-luis\/#breadcrumb","itemListElement":[{"@type":"ListItem","position":1,"name":"Home","item":"https:\/\/www.atins.me\/de\/"},{"@type":"ListItem","position":2,"name":"Die Region","item":"https:\/\/www.atins.me\/de\/die-region\/"},{"@type":"ListItem","position":3,"name":"S\u00e3o Lu\u00eds"}]},{"@type":"WebSite","@id":"https:\/\/www.atins.me\/es\/#website","url":"https:\/\/www.atins.me\/es\/","name":"Atins","description":"Len\u00e7\u00f3is Maranhenses","potentialAction":[{"@type":"SearchAction","target":{"@type":"EntryPoint","urlTemplate":"https:\/\/www.atins.me\/es\/?s={search_term_string}"},"query-input":"required name=search_term_string"}],"inLanguage":"de"}]}},"jetpack_sharing_enabled":true,"_links":{"self":[{"href":"https:\/\/www.atins.me\/de\/wp-json\/wp\/v2\/pages\/1647"}],"collection":[{"href":"https:\/\/www.atins.me\/de\/wp-json\/wp\/v2\/pages"}],"about":[{"href":"https:\/\/www.atins.me\/de\/wp-json\/wp\/v2\/types\/page"}],"author":[{"embeddable":true,"href":"https:\/\/www.atins.me\/de\/wp-json\/wp\/v2\/users\/2"}],"replies":[{"embeddable":true,"href":"https:\/\/www.atins.me\/de\/wp-json\/wp\/v2\/comments?post=1647"}],"version-history":[{"count":0,"href":"https:\/\/www.atins.me\/de\/wp-json\/wp\/v2\/pages\/1647\/revisions"}],"up":[{"embeddable":true,"href":"https:\/\/www.atins.me\/de\/wp-json\/wp\/v2\/pages\/1609"}],"wp:featuredmedia":[{"embeddable":true,"href":"https:\/\/www.atins.me\/de\/wp-json\/wp\/v2\/media\/9015"}],"wp:attachment":[{"href":"https:\/\/www.atins.me\/de\/wp-json\/wp\/v2\/media?parent=1647"}],"curies":[{"name":"wp","href":"https:\/\/api.w.org\/{rel}","templated":true}]}}